{"id":34,"date":"2025-02-13T21:16:01","date_gmt":"2025-02-13T21:16:01","guid":{"rendered":"https:\/\/www.sberatelekratomu-dokument.cz\/?page_id=34"},"modified":"2025-02-27T09:31:24","modified_gmt":"2025-02-27T09:31:24","slug":"tvurci","status":"publish","type":"page","link":"https:\/\/www.sberatelekratomu-dokument.cz\/index.php\/tvurci\/","title":{"rendered":"Tv\u016frci"},"content":{"rendered":"\n<p>Re\u017eie \u2013\u2013\u2013\u2013\u2013\u2013 Libor Cinegr<\/p>\n\n\n\n<p>Hlavn\u00ed kamera \u2013\u2013\u2013\u2013\u2013\u2013 Ond\u0159ej Wepper<\/p>\n\n\n\n<p>St\u0159ih \u2013\u2013\u2013\u2013\u2013\u2013 Danu\u0161e Hlad\u00edkov\u00e1<\/p>\n\n\n\n<p>Sc\u00e9n\u00e1\u0159 \u2013\u2013\u2013\u2013\u2013\u2013 Libor Cinegr, Danu\u0161e Hlad\u00edkov\u00e1<\/p>\n\n\n\n<p>mix zvuku \u2013\u2013\u2013\u2013\u2013\u2013  Leona Vyhn\u00e1lkov\u00e1<\/p>\n\n\n\n<p>Soundtrack \u2013\u2013\u2013\u2013\u2013\u2013 Rainer, Libor Cinegr, Max Kluka<\/p>\n\n\n\n<p>vedouc\u00ed v\u00fdroby \u2013\u2013\u2013\u2013\u2013\u2013 Monika Hors\u00e1kov\u00e1, Martin Petr\u00e1sek<\/p>\n\n\n\n<p>Dramaturgie \u2013\u2013\u2013\u2013\u2013\u2013 Monika Hors\u00e1kov\u00e1<\/p>\n\n\n\n<p>Art director \u2013\u2013\u2013\u2013\u2013\u2013 Ond\u0159ej Sm\u00e9kal<\/p>\n\n\n\n<hr class=\"wp-block-separator has-alpha-channel-opacity\"\/>\n\n\n\n<p><strong>\u00da\u010dinkuj\u00edc\u00ed<\/strong><\/p>\n\n\n\n<p>Mgr. Jind\u0159ich Vobo\u0159il, Pg.Dip.<\/p>\n\n\n\n<p>doc. Ing. Martin Kucha\u0159, Ph.D.<\/p>\n\n\n\n<p>Assoc. Prof. Dr. Darshan Singh Mahinder Singh<\/p>\n\n\n\n<p>Dr. Sholahuddin Djailani, CSc.<\/p>\n\n\n\n<p>Iveta Arnoldov\u00e1&nbsp;<\/p>\n\n\n\n<p>Luk\u00e1\u0161 Pfeffer<\/p>\n\n\n\n<p>David Keklak<\/p>\n\n\n\n<p>Vladim\u00edr Str\u00e1nsk\u00fd<\/p>\n\n\n\n<p>Luk\u00e1\u0161 \u0160afr&nbsp;<\/p>\n\n\n\n<p>M\u00e1\u0148a&nbsp;<\/p>\n\n\n\n<p>Jakub Zientala<\/p>\n\n\n\n<p>&nbsp;Jan Hor\u00e1k&nbsp;<\/p>\n\n\n\n<p>Ond\u0159ej Bl\u00e1ha<\/p>\n\n\n\n<p>Zuzana Turkov\u00e1<\/p>\n\n\n\n<p>Barbora Walderov\u00e1<\/p>\n\n\n\n<p>Tereza \u0160kodov\u00e1<\/p>\n\n\n\n<p><\/p>\n\n\n\n<p>Suhenny Dwi, Arno Sri Wibowo, Ridwan Aris Budiman, Abim Along, Masyarakat Menaren, Ferry Juwanda, Rian Saputra, Muhhammad Dafid Reda Anugrah, Al Mujahidin, Borneo Lingga, Mas Yon, Mansyur, Ranulu, Madi, Ugah, Aldo, Rano, David, Jacob, Bobby, Fei, Reza, Welly, Jupri, Zulfikar, Galang<\/p>\n","protected":false},"excerpt":{"rendered":"<p>Re\u017eie \u2013\u2013\u2013\u2013\u2013\u2013 Libor Cinegr Hlavn\u00ed kamera \u2013\u2013\u2013\u2013\u2013\u2013 Ond\u0159ej Wepper St\u0159ih \u2013\u2013\u2013\u2013\u2013\u2013 Danu\u0161e Hlad\u00edkov\u00e1 Sc\u00e9n\u00e1\u0159 \u2013\u2013\u2013\u2013\u2013\u2013 Libor Cinegr, Danu\u0161e Hlad\u00edkov\u00e1 mix zvuku \u2013\u2013\u2013\u2013\u2013\u2013 Leona Vyhn\u00e1lkov\u00e1 Soundtrack \u2013\u2013\u2013\u2013\u2013\u2013 Rainer, Libor Cinegr, Max Kluka vedouc\u00ed v\u00fdroby \u2013\u2013\u2013\u2013\u2013\u2013 Monika Hors\u00e1kov\u00e1, Martin Petr\u00e1sek Dramaturgie \u2013\u2013\u2013\u2013\u2013\u2013 Monika Hors\u00e1kov\u00e1 Art director \u2013\u2013\u2013\u2013\u2013\u2013 Ond\u0159ej Sm\u00e9kal \u00da\u010dinkuj\u00edc\u00ed Mgr. Jind\u0159ich Vobo\u0159il, Pg.Dip. doc. Ing. Martin &hellip; <\/p>\n<p class=\"link-more\"><a href=\"https:\/\/www.sberatelekratomu-dokument.cz\/index.php\/tvurci\/\" class=\"more-link\">Pokra\u010dovat ve \u010dten\u00ed<span class=\"screen-reader-text\"> &#8222;Tv\u016frci&#8220;<\/span><\/a><\/p>\n","protected":false},"author":1,"featured_media":69,"parent":0,"menu_order":0,"comment_status":"closed","ping_status":"closed","template":"","meta":{"footnotes":""},"class_list":["post-34","page","type-page","status-publish","has-post-thumbnail","hentry"],"_links":{"self":[{"href":"https:\/\/www.sberatelekratomu-dokument.cz\/index.php\/wp-json\/wp\/v2\/pages\/34","targetHints":{"allow":["GET"]}}],"collection":[{"href":"https:\/\/www.sberatelekratomu-dokument.cz\/index.php\/wp-json\/wp\/v2\/pages"}],"about":[{"href":"https:\/\/www.sberatelekratomu-dokument.cz\/index.php\/wp-json\/wp\/v2\/types\/page"}],"author":[{"embeddable":true,"href":"https:\/\/www.sberatelekratomu-dokument.cz\/index.php\/wp-json\/wp\/v2\/users\/1"}],"replies":[{"embeddable":true,"href":"https:\/\/www.sberatelekratomu-dokument.cz\/index.php\/wp-json\/wp\/v2\/comments?post=34"}],"version-history":[{"count":4,"href":"https:\/\/www.sberatelekratomu-dokument.cz\/index.php\/wp-json\/wp\/v2\/pages\/34\/revisions"}],"predecessor-version":[{"id":72,"href":"https:\/\/www.sberatelekratomu-dokument.cz\/index.php\/wp-json\/wp\/v2\/pages\/34\/revisions\/72"}],"wp:featuredmedia":[{"embeddable":true,"href":"https:\/\/www.sberatelekratomu-dokument.cz\/index.php\/wp-json\/wp\/v2\/media\/69"}],"wp:attachment":[{"href":"https:\/\/www.sberatelekratomu-dokument.cz\/index.php\/wp-json\/wp\/v2\/media?parent=34"}],"curies":[{"name":"wp","href":"https:\/\/api.w.org\/{rel}","templated":true}]}}